{"id":5,"date":"2013-12-21T21:06:39","date_gmt":"2013-12-21T20:06:39","guid":{"rendered":"http:\/\/www.javifreitas.com\/?page_id=5"},"modified":"2017-10-25T22:35:36","modified_gmt":"2017-10-25T21:35:36","slug":"acerca-de-mi","status":"publish","type":"page","link":"http:\/\/www.javifreitas.com\/?page_id=5","title":{"rendered":"Acerca de m\u00ed"},"content":{"rendered":"<p><span style=\"color: #c0c0c0;\"><img decoding=\"async\" loading=\"lazy\" class=\"alignnone wp-image-405 alignright\" style=\"width: 275px; height: 208px;\" src=\"http:\/\/www.javifreitas.com\/wp-content\/uploads\/2013\/12\/6460250479_85400f273d_b-300x207.jpg\" alt=\"6460250479_85400f273d_b\" width=\"277\" height=\"207\">Esta es una p\u00e1gina personal sobre la fotograf\u00eda y como tal, solo mostrar\u00e9 algunos de los&nbsp;aspectos de mi vida que tienen relaci\u00f3n directa con esta afici\u00f3n, no creo que mis otros datos personales tengan ninguna relevancia en ella, as\u00ed que simplemente os dir\u00e9 que mi nombre, como es evidente, es Javi Freitas, vivo en Navia (Asturias) y la fotograf\u00eda es una de mis grandes&nbsp;pasiones desde hace ya mas de 30 a\u00f1os\u2026 desde mi juventud.<\/span><\/p>\n<p><span style=\"color: #c0c0c0;\">Comentar\u00e9 algo sobre el equipo que utilizo, he tenido varias c\u00e1maras y objetivos durante todos estos a\u00f1os, pero me he ido haciendo cada vez mas \u201cnikonista\u201d, actualmente utilizo una Nikon D700, una D-750 y una Nikon D70, transformada por mi a \u00abc\u00e1mara infrarroja\u00bb. A estas c\u00e1maras les monto normalmente objetivos de marca Nikon, entre los cuales he de destacar como mis favoritos, un <em>Nikkor 14-24G f2.8, un Nikkor 17-35, un Nikkor 105 f2.8 VR Macro, el 70-200 f2.8&nbsp;&nbsp;y varios \u201cfijos peque\u00f1itos\u201d\u2026&nbsp;un 20mm. f2.8, un 35mm. f2, un 50mm. f1.4 &nbsp;y un 85mm. f1.8<\/em>.<\/span><\/p>\n<p style=\"text-align: center;\"><span style=\"color: #c0c0c0;\"> <span style=\"text-decoration: underline;\"><strong><em>Premios en Concursos y Cert\u00e1menes Fotogr\u00e1ficos<\/em><\/strong><\/span><\/span><\/p>\n<table class=\"aligncenter\" style=\"height: 807px;\" border=\"1\" width=\"640\" cellspacing=\"0\" cellpadding=\"0\">\n<tbody>\n<tr>\n<td width=\"104\">\n<p align=\"center\"><span style=\"color: #ffffff;\"><em>FECHA<\/em><\/span><\/p>\n<\/td>\n<td width=\"347\">\n<p align=\"center\"><span style=\"color: #ffffff;\"><em>PREMIO<\/em><\/span><\/p>\n<\/td>\n<td width=\"182\">\n<p align=\"center\"><span style=\"color: #ffffff;\"><em>FOTOGRAF\u00cdA<\/em><\/span><\/p>\n<\/td>\n<\/tr>\n<tr>\n<td width=\"104\"><span style=\"color: #ffffff;\"><em>Junio-1991<\/em><\/span><\/td>\n<td width=\"347\"><span style=\"color: #ffffff;\"><em>Segundo Premio en el I Concurso fotogr\u00e1fico de la \u201cTraves\u00eda de la Costa Naviega\u201c<\/em><\/span><\/td>\n<td width=\"182\"><span style=\"color: #ffffff;\"><em>\u201cEl puerto de Puerto de Vega\u201d<\/em><\/span><\/td>\n<\/tr>\n<tr>\n<td width=\"104\"><span style=\"color: #ffffff;\"><em>Septiembre-2007<\/em><\/span><\/td>\n<td width=\"347\"><span style=\"color: #ffffff;\"><em>Primer Premio I Concurso fotogr\u00e1fico \u201cRecursos tur\u00edsticos de Navia\u201d<\/em><\/span><\/td>\n<td width=\"182\"><span style=\"color: #ffffff;\"><em>\u201cAnleo medieval\u201d.<\/em><\/span><\/td>\n<\/tr>\n<tr>\n<td width=\"104\"><span style=\"color: #ffffff;\"><em>Octubre-2007<\/em><\/span><\/td>\n<td width=\"347\"><span style=\"color: #ffffff;\"><em>Primer Premio I Concurso fotogr\u00e1fico \u201cVegadeo en la Reserva de la Boisfera\u201d<\/em><\/span><\/td>\n<td width=\"182\"><span style=\"color: #ffffff;\"><em>\u201cBosques de cuento\u201d.<\/em><\/span><\/td>\n<\/tr>\n<tr>\n<td width=\"104\"><span style=\"color: #ffffff;\"><em>Octubre-2008<\/em><\/span><\/td>\n<td width=\"347\"><span style=\"color: #ffffff;\"><em>Primer Premio I Concurso fotogr\u00e1fico P. H. del Navia, \u201cLos primeros pobladores\u201d<\/em><\/span><\/td>\n<td width=\"182\"><span style=\"color: #ffffff;\"><em>\u201cAnd\u00eda, acuarela natural\u201d<\/em><\/span><\/td>\n<\/tr>\n<tr>\n<td width=\"104\"><span style=\"color: #ffffff;\"><em>Octubre-2008<\/em><\/span><\/td>\n<td width=\"347\"><span style=\"color: #ffffff;\"><em>Primer Premio I Concurso fotogr\u00e1fico P. Historico del Navia, \u201cHistorias del mar\u201d<\/em><\/span><\/td>\n<td width=\"182\"><span style=\"color: #ffffff;\"><em>\u201cAncla y faro de Ortiguera\u201d<\/em><\/span><\/td>\n<\/tr>\n<tr>\n<td width=\"104\"><span style=\"color: #ffffff;\"><em>Octubre-2008<\/em><\/span><\/td>\n<td width=\"347\"><span style=\"color: #ffffff;\"><em>Mejor foto del a\u00f1o 2008 de Parque Hist\u00f3rico del Navia<\/em><\/span><\/td>\n<td width=\"182\"><span style=\"color: #ffffff;\"><em>\u201cAncla y faro de Ortiguera\u201d<\/em><\/span><\/td>\n<\/tr>\n<tr>\n<td width=\"104\"><span style=\"color: #ffffff;\"><em>Octubre-2008<\/em><\/span><\/td>\n<td width=\"347\"><span style=\"color: #ffffff;\"><em>Primer Premio I Concurso fotogr\u00e1fico P. H. del Navia, \u201cSres. de casas de palacio\u201d<\/em><\/span><\/td>\n<td width=\"182\"><span style=\"color: #ffffff;\"><em>\u201cFroseira, los sonidos del silencio\u201d<\/em><\/span><\/td>\n<\/tr>\n<tr>\n<td width=\"104\"><span style=\"color: #ffffff;\"><em>Octubre-2009<\/em><\/span><\/td>\n<td width=\"347\"><span style=\"color: #ffffff;\"><em>Primer Premio II Concurso fotogr\u00e1fico P. H. del Navia, \u201cSres. de casas de palacio\u201d<\/em><\/span><\/td>\n<td width=\"182\"><span style=\"color: #ffffff;\"><em>\u201cPalacio de Anleo\u201d<\/em><\/span><\/td>\n<\/tr>\n<tr>\n<td width=\"104\"><span style=\"color: #ffffff;\"><em>Noviembre-2009<\/em><\/span><\/td>\n<td width=\"347\"><span style=\"color: #ffffff;\"><em>Segundo Premio en el \u201cIII Concurso fotogr\u00e1fico Cudillero\u201d<\/em><\/span><\/td>\n<td width=\"182\"><span style=\"color: #ffffff;\"><em>\u201cAmanecer tras el faro de Cudillero\u201d<\/em><\/span><\/td>\n<\/tr>\n<tr>\n<td width=\"104\"><span style=\"color: #ffffff;\"><em>Noviembre-2009<\/em><\/span><\/td>\n<td width=\"347\"><span style=\"color: #ffffff;\"><em>Tercer Premio en el \u201dIII Concurso fotogr\u00e1fico Cudillero\u00bb<\/em><\/span><\/td>\n<td width=\"182\"><span style=\"color: #ffffff;\"><em>\u201cPlaya del Silencio\u201d<\/em><\/span><\/td>\n<\/tr>\n<tr>\n<td width=\"104\"><span style=\"color: #ffffff;\"><em>Marzo-2010<\/em><\/span><\/td>\n<td width=\"347\"><span style=\"color: #ffffff;\"><em>Primer Premio \u201cI Concurso fotogr\u00e1fico \u201cMirando hacia la sostenibilidad de Coa\u00f1a\u201c<\/em><\/span><\/td>\n<td width=\"182\"><span style=\"color: #ffffff;\"><em>\u201cTorbas, naturalmente\u201d<\/em><\/span><\/td>\n<\/tr>\n<tr>\n<td width=\"104\"><span style=\"color: #ffffff;\"><em>Marzo-2010<\/em><\/span><\/td>\n<td width=\"347\"><span style=\"color: #ffffff;\"><em>Segundo Premio \u201d I Concurso fotogr\u00e1fico \u201cMirando a la sostenibilidad de Coa\u00f1a\u201c<\/em><\/span><\/td>\n<td width=\"182\"><span style=\"color: #ffffff;\"><em>\u201cAlborada\u00bb<\/em><\/span><\/td>\n<\/tr>\n<tr>\n<td width=\"104\"><span style=\"color: #ffffff;\"><em>Octubre-2010<\/em><\/span><\/td>\n<td width=\"347\"><span style=\"color: #ffffff;\"><em>Primer Premio \u201cXIV Concurso fotogr\u00e1fico Libre de Lorenzana\u201c<\/em><\/span><\/td>\n<td width=\"182\"><span style=\"color: #ffffff;\"><em>Serie \u00abLorenzana\u00bb (6 fotos)<\/em><\/span><\/td>\n<\/tr>\n<tr>\n<td width=\"104\"><span style=\"color: #ffffff;\"><em>Noviembre-2010<\/em><\/span><\/td>\n<td width=\"347\"><span style=\"color: #ffffff;\"><em>Primer Premio III Concurso fotogr\u00e1fico P. H. del Navia, \u201cLos primeros pobladores\u201d<\/em><\/span><\/td>\n<td width=\"182\"><span style=\"color: #ffffff;\"><em>\u201cT\u00faneles de Penafurada\u201d<\/em><\/span><\/td>\n<\/tr>\n<tr>\n<td width=\"104\"><span style=\"color: #ffffff;\"><em>Noviembre-2010<\/em><\/span><\/td>\n<td width=\"347\"><span style=\"color: #ffffff;\"><em>Primer Premio III Concurso fotogr\u00e1fico P. H. del Navia, \u201cSres. de casas de palacio\u201d<\/em><\/span><\/td>\n<td width=\"182\"><span style=\"color: #ffffff;\"><em>\u201cPiscina de Illano\u201c<\/em><\/span><\/td>\n<\/tr>\n<tr>\n<td width=\"104\"><span style=\"color: #ffffff;\"><em>Noviembre-2010<\/em><\/span><\/td>\n<td width=\"347\"><span style=\"color: #ffffff;\"><em>Mejor foto del a\u00f1o 2010 de Parque Hist\u00f3rico del Navia<\/em><\/span><\/td>\n<td width=\"182\"><span style=\"color: #ffffff;\"><em>\u201cPiscina de Illano\u201c<\/em><\/span><\/td>\n<\/tr>\n<tr>\n<td width=\"104\"><span style=\"color: #ffffff;\"><em>Noviembre-2011<\/em><\/span><\/td>\n<td width=\"347\"><span style=\"color: #ffffff;\"><em>Primer Premio en el \u00abIV Concurso fotogr\u00e1fico de Foz, 2011\u00bb<\/em><\/span><\/td>\n<td width=\"182\"><span style=\"color: #ffffff;\"><em>\u201cMelancol\u00eda\u201c<\/em><\/span><\/td>\n<\/tr>\n<tr>\n<td width=\"104\"><span style=\"color: #ffffff;\"><em>Diciembre-2011<\/em><\/span><\/td>\n<td width=\"347\"><span style=\"color: #ffffff;\"><em>Segundo Premio en el \u201cV Concurso fotogr\u00e1fico Cudillero\u201d<\/em><\/span><\/td>\n<td width=\"182\"><span style=\"color: #ffffff;\"><em>\u00abGueir\u00faa en monocromo\u00bb<\/em><\/span><\/td>\n<\/tr>\n<tr>\n<td width=\"104\"><span style=\"color: #ffffff;\"><em>Mayo-2012<\/em><\/span><\/td>\n<td width=\"347\"><span style=\"color: #ffffff;\"><em>Primer Premio en el \u201cI Marat\u00f3n fotogr\u00e1fico de Coa\u00f1a\u201d<\/em><\/span><\/td>\n<td width=\"182\"><span style=\"color: #ffffff;\"><em>\u00abHistorias convergentes\u00bb<\/em><\/span><\/td>\n<\/tr>\n<tr>\n<td width=\"104\"><span style=\"color: #ffffff;\"><em>Noviembre-2012<\/em><\/span><\/td>\n<td width=\"347\"><span style=\"color: #ffffff;\"><em>Primer Premio en el \u201cII Concurso fotogr\u00e1fico de Fazouro\u201d<\/em><\/span><\/td>\n<td width=\"182\"><span style=\"color: #ffffff;\"><em>\u00abCalma aparente II\u00bb<\/em><\/span><\/td>\n<\/tr>\n<tr>\n<td width=\"104\"><span style=\"color: #ffffff;\"><em>Noviembre-2012<\/em><\/span><\/td>\n<td width=\"347\"><span style=\"color: #ffffff;\"><em>Primer Premio en el \u201cV Concurso fotogr\u00e1fico de Foz, 2012\u201d.<\/em><\/span><\/td>\n<td width=\"182\"><span style=\"color: #ffffff;\"><em>\u00abRosa dos ventos\u00bb<\/em><\/span><\/td>\n<\/tr>\n<tr>\n<td width=\"104\"><span style=\"color: #ffffff;\"><em>Junio-2016<\/em><\/span><\/td>\n<td width=\"347\"><span style=\"color: #ffffff;\"><em>Segundo Premio en el \u201cI Concurso fotogr\u00e1fico de Tapia y Concejo\u201d.<\/em><\/span><\/td>\n<td width=\"182\"><span style=\"color: #ffffff;\"><em>\u00abFaros en Monocromo\u00bb<\/em><\/span><\/td>\n<\/tr>\n<tr>\n<td width=\"104\"><span style=\"color: #ffffff;\"><em>Mayo-2017<\/em><\/span><\/td>\n<td width=\"347\"><span style=\"color: #ffffff;\"><em>Primer Premio en el \u201cIX Concurso fotogr\u00e1fico Lugares con Encanto del Concejo de Vegadeo\u201d.<\/em><\/span><\/td>\n<td width=\"182\"><span style=\"color: #ffffff;\"><em>\u00abContraluz en Meredo\u00bb<\/em><\/span><\/td>\n<\/tr>\n<\/tbody>\n<\/table>\n<p><span style=\"color: #c0c0c0;\">A modo de recuerdo personal, publico a continuaci\u00f3n, algunas fotos de las entregas de estos premios, \u00abClic\u00bb en ellas para ampliarlas y en la parte derecha de las mismas, para pasar de una a la siguiente, una vez est\u00e9n a su tama\u00f1o normal&#8230;<\/span><\/p>\n<p style=\"text-align: center;\">[nggallery id=7]\n<p><span style=\"color: #c0c0c0;\">A estos premios, tengo que a\u00f1adir algo que para mi tiene m\u00e1s valor sentimental que los premios de concursos y cert\u00e1menes fotogr\u00e1ficos y es que tus amigos y conocidos valoren muy positivamente tus obras y te muestren constantemente un apoyo y un reconocimiento que dudo mucho merecer.<\/span><\/p>\n<p><span style=\"color: #c0c0c0;\">En esta secci\u00f3n, no puedo obviar a la concejal\u00eda de cultura del Ayuntamiento de Coa\u00f1a, la capital del concejo que me vio crecer,&nbsp;que en marzo de 2007 publica un libro sobre los artistas de la zona y deciden incluirme en el mismo, publicando adem\u00e1s varias de mis fotograf\u00edas. MIL GRACIAS!!.&nbsp; Tambi\u00e9n he participado como invitado en charlas sobre fotograf\u00eda y como jurado y organizador en mas de 20 concursos fotogr\u00e1ficos&#8230; pero si de algo me siento verdaderamente orgulloso, es sin duda de haber impilsuado la creaci\u00f3n de <a title=\"Web de Fotonavia\" href=\"http:\/\/www.fotonavia.com\/\" target=\"_blank\" rel=\"noopener\"><strong>FOTONAVIA<\/strong><\/a>, una comunidad de fot\u00f3grafos aficionados, que compartimos nuestras inquietudes y conocimientos, que organizamos salidas y excursiones y que formamos una gran familia en la que la generosidad, la amistad, y la simpat\u00eda reinan en un ambiente de camarader\u00eda realmente envidiable\u2026 y \u00bfcomo no? de haber creado la <a title=\"Web de Fotonavia\" href=\"http:\/\/www.fotonavia.com\/\" target=\"_blank\" rel=\"noopener\">web<\/a>, la <a title=\"Galeria de Fotos de Fotonavia\" href=\"http:\/\/galeria.fotonavia.com\/\" target=\"_blank\" rel=\"noopener\">galer\u00eda<\/a> y el <a title=\"Foro Fotonavia\" href=\"http:\/\/foro.fotonavia.net\/\" target=\"_blank\" rel=\"noopener\">foro<\/a> de fotograf\u00eda <a title=\"Web de Fotonavia\" href=\"http:\/\/www.fotonavia.com\/\" target=\"_blank\" rel=\"noopener\"><strong>FOTONAVIA<\/strong><\/a>, que nos sirven de nexo de uni\u00f3n y que se han convertido poco a poco&nbsp;en&nbsp;el \u00abhogar vistual\u00bb&nbsp;de todos los \u201cfotonaviegos\u201d y de eso si que me siento muy, muy orgulloso\u2026 y como ya dije, ese si que es mi mejor premio\u2026!! &nbsp;MUCHISIMAS GRACIAS A TODOS.<\/span><\/p>\n<p><span style=\"color: #c0c0c0;\">&#8230; y ahora&#8230; para terminar&#8230;\u00bfComo no?&#8230; algunas fotos de mis salidas con los colegas de Fotonavia y de mis viajes y salidas fotogr\u00e1ficas.<\/span><\/p>\n<p style=\"text-align: center;\">[nggallery id=6]\n<p style=\"text-align: right;\"><span style=\"color: #c0c0c0;\"><em><span style=\"color: #c0c0c0;\"><span style=\"text-decoration: underline;\"><span style=\"color: #c0c0c0;\"><em><img decoding=\"async\" loading=\"lazy\" class=\"aligncenter\" src=\"http:\/\/www.javifreitas.com\/wp-content\/uploads\/2013\/12\/Javi2-300x300.jpg\" alt=\"Javi Freitas\" width=\"215\" height=\"220\"><\/em><\/span><\/span><\/span>. . . MUCHAS GRACIAS y HASTA PRONTO!!<\/em><\/span><\/p>\n<p style=\"text-align: left;\"><span style=\"color: #c0c0c0;\"><span style=\"text-decoration: underline;\">Nota<\/span>.: Siento la escasa calidad de alguna de las fotos de esta secci\u00f3n, pero es evidente que en estos casos, prima mas el valor sentimental que el est\u00e9tico, y los recuerdos de momentos maravillosos que traen estas im\u00e1genes a mi memoria, compensan de sobra qualquier deficiencia t\u00e9cnica.<\/span><\/p>\n","protected":false},"excerpt":{"rendered":"<p>Esta es una p\u00e1gina personal sobre la fotograf\u00eda y como tal, solo mostrar\u00e9 algunos de los&nbsp;aspectos de mi vida que tienen relaci\u00f3n directa con esta afici\u00f3n, no creo que mis otros datos personales tengan ninguna relevancia en ella, as\u00ed que simplemente os dir\u00e9 que mi nombre, como [&hellip;]<\/p>\n","protected":false},"author":1,"featured_media":0,"parent":0,"menu_order":7,"comment_status":"open","ping_status":"closed","template":"page-FullWidth.php","meta":[],"_links":{"self":[{"href":"http:\/\/www.javifreitas.com\/index.php?rest_route=\/wp\/v2\/pages\/5"}],"collection":[{"href":"http:\/\/www.javifreitas.com\/index.php?rest_route=\/wp\/v2\/pages"}],"about":[{"href":"http:\/\/www.javifreitas.com\/index.php?rest_route=\/wp\/v2\/types\/page"}],"author":[{"embeddable":true,"href":"http:\/\/www.javifreitas.com\/index.php?rest_route=\/wp\/v2\/users\/1"}],"replies":[{"embeddable":true,"href":"http:\/\/www.javifreitas.com\/index.php?rest_route=%2Fwp%2Fv2%2Fcomments&post=5"}],"version-history":[{"count":35,"href":"http:\/\/www.javifreitas.com\/index.php?rest_route=\/wp\/v2\/pages\/5\/revisions"}],"predecessor-version":[{"id":676,"href":"http:\/\/www.javifreitas.com\/index.php?rest_route=\/wp\/v2\/pages\/5\/revisions\/676"}],"wp:attachment":[{"href":"http:\/\/www.javifreitas.com\/index.php?rest_route=%2Fwp%2Fv2%2Fmedia&parent=5"}],"curies":[{"name":"wp","href":"https:\/\/api.w.org\/{rel}","templated":true}]}}